{"id":46874,"date":"2023-09-01T08:45:35","date_gmt":"2023-09-01T06:45:35","guid":{"rendered":"https:\/\/iena.ch\/?page_id=46874"},"modified":"2026-03-26T07:35:00","modified_gmt":"2026-03-26T06:35:00","slug":"location-dinfrastructures","status":"publish","type":"page","link":"https:\/\/www.iena.ch\/de\/location-dinfrastructures\/","title":{"rendered":"Vermietung von Infrastruktur"},"content":{"rendered":"\t\t<div data-elementor-type=\"wp-page\" data-elementor-id=\"46874\" class=\"elementor elementor-46874\" data-elementor-post-type=\"page\">\n\t\t\t\t<div class=\"elementor-element elementor-element-4d1c341 e-flex e-con-boxed e-con e-parent\" data-id=\"4d1c341\" data-element_type=\"container\" data-e-type=\"container\" data-settings=\"{&quot;background_background&quot;:&quot;classic&quot;}\">\n\t\t\t\t\t<div class=\"e-con-inner\">\n\t\t\t\t\t<\/div>\n\t\t\t\t<\/div>\n\t\t<div class=\"elementor-element elementor-element-5fd5858 e-flex e-con-boxed e-con e-parent\" data-id=\"5fd5858\" data-element_type=\"container\" data-e-type=\"container\">\n\t\t\t\t\t<div class=\"e-con-inner\">\n\t\t<div class=\"elementor-element elementor-element-0633f51 e-flex e-con-boxed e-con e-child\" data-id=\"0633f51\" data-element_type=\"container\" data-e-type=\"container\" data-settings=\"{&quot;background_background&quot;:&quot;classic&quot;}\">\n\t\t\t\t\t<div class=\"e-con-inner\">\n\t\t<div class=\"elementor-element elementor-element-80a3b3b e-flex e-con-boxed e-con e-child\" data-id=\"80a3b3b\" data-element_type=\"container\" data-e-type=\"container\" data-settings=\"{&quot;background_background&quot;:&quot;classic&quot;}\">\n\t\t\t\t\t<div class=\"e-con-inner\">\n\t\t<div class=\"elementor-element elementor-element-b523fe6 e-con-full e-flex e-con e-child\" data-id=\"b523fe6\" data-element_type=\"container\" data-e-type=\"container\" data-settings=\"{&quot;background_background&quot;:&quot;classic&quot;}\">\n\t\t\t\t<div class=\"elementor-element elementor-element-674fb2a elementor-widget elementor-widget-heading\" data-id=\"674fb2a\" data-element_type=\"widget\" data-e-type=\"widget\" data-widget_type=\"heading.default\">\n\t\t\t\t<div class=\"elementor-widget-container\">\n\t\t\t\t\t<h2 class=\"elementor-heading-title elementor-size-default\">Infrastructures<\/h2>\t\t\t\t<\/div>\n\t\t\t\t<\/div>\n\t\t\t\t<div class=\"elementor-element elementor-element-b529f6c elementor-widget elementor-widget-heading\" data-id=\"b529f6c\" data-element_type=\"widget\" data-e-type=\"widget\" data-widget_type=\"heading.default\">\n\t\t\t\t<div class=\"elementor-widget-container\">\n\t\t\t\t\t<h4 class=\"elementor-heading-title elementor-size-default\"><a href=\"https:\/\/www.iena.ch\/de\/sentrainer-a-liena\/\">EntrA\u00eenez-vous \u00e0 IENA\n<\/a><\/h4>\t\t\t\t<\/div>\n\t\t\t\t<\/div>\n\t\t\t\t<div class=\"elementor-element elementor-element-f26eb84 elementor-widget elementor-widget-text-editor\" data-id=\"f26eb84\" data-element_type=\"widget\" data-e-type=\"widget\" data-widget_type=\"text-editor.default\">\n\t\t\t\t<div class=\"elementor-widget-container\">\n\t\t\t\t\t\t\t\t\t<p class=\"p1\">IENA offre des opportunit\u00e9s uniques pour l\u2019entra\u00eenement des chevaux<span class=\"Apple-converted-space\">\u00a0<\/span><\/p>\t\t\t\t\t\t\t\t<\/div>\n\t\t\t\t<\/div>\n\t\t\t\t<\/div>\n\t\t\t\t\t<\/div>\n\t\t\t\t<\/div>\n\t\t\t\t\t<\/div>\n\t\t\t\t<\/div>\n\t\t\t\t\t<\/div>\n\t\t\t\t<\/div>\n\t\t<div class=\"elementor-element elementor-element-fe6fecf e-flex e-con-boxed e-con e-parent\" data-id=\"fe6fecf\" data-element_type=\"container\" data-e-type=\"container\">\n\t\t\t\t\t<div class=\"e-con-inner\">\n\t\t\t\t<div class=\"elementor-element elementor-element-c00a729 elementor-widget elementor-widget-heading\" data-id=\"c00a729\" data-element_type=\"widget\" data-e-type=\"widget\" data-widget_type=\"heading.default\">\n\t\t\t\t<div class=\"elementor-widget-container\">\n\t\t\t\t\t<h2 class=\"elementor-heading-title elementor-size-default\">Location &amp; Pension box<\/h2>\t\t\t\t<\/div>\n\t\t\t\t<\/div>\n\t\t\t\t<div class=\"elementor-element elementor-element-1c335a4 elementor-widget elementor-widget-heading\" data-id=\"1c335a4\" data-element_type=\"widget\" data-e-type=\"widget\" data-widget_type=\"heading.default\">\n\t\t\t\t<div class=\"elementor-widget-container\">\n\t\t\t\t\t<h2 class=\"elementor-heading-title elementor-size-default\">Devenez locataires \/ pensionnaires<\/h2>\t\t\t\t<\/div>\n\t\t\t\t<\/div>\n\t\t\t\t<div class=\"elementor-element elementor-element-70f6675 elementor-widget elementor-widget-text-editor\" data-id=\"70f6675\" data-element_type=\"widget\" data-e-type=\"widget\" data-widget_type=\"text-editor.default\">\n\t\t\t\t<div class=\"elementor-widget-container\">\n\t\t\t\t\t\t\t\t\t<p class=\"p1\">Vous \u00eates \u00e0 la recherche du centre d\u2019entra\u00eenement id\u00e9al pour vous \u00e9tablir avec vos chevaux? Que vous souhaitiez une pension compl\u00e8te, une \u00e9curie en autogestion ou encore un lieu pour mettre votre cheval en vacances ou \u00e0 la retraite, nous avons tout ce qu\u2019il vous faut.<\/p>\t\t\t\t\t\t\t\t<\/div>\n\t\t\t\t<\/div>\n\t\t\t\t\t<\/div>\n\t\t\t\t<\/div>\n\t\t<div class=\"elementor-element elementor-element-9bbd730 e-flex e-con-boxed e-con e-parent\" data-id=\"9bbd730\" data-element_type=\"container\" data-e-type=\"container\">\n\t\t\t\t\t<div class=\"e-con-inner\">\n\t\t<div class=\"elementor-element elementor-element-3273c98 e-con-full e-flex e-con e-child\" data-id=\"3273c98\" data-element_type=\"container\" data-e-type=\"container\">\n\t\t<div class=\"elementor-element elementor-element-4777a1d e-flex e-con-boxed e-con e-child\" data-id=\"4777a1d\" data-element_type=\"container\" data-e-type=\"container\" data-settings=\"{&quot;background_background&quot;:&quot;classic&quot;}\">\n\t\t\t\t\t<div class=\"e-con-inner\">\n\t\t\t\t\t<\/div>\n\t\t\t\t<\/div>\n\t\t<div class=\"elementor-element elementor-element-8905fff e-flex e-con-boxed e-con e-child\" data-id=\"8905fff\" data-element_type=\"container\" data-e-type=\"container\" data-settings=\"{&quot;background_background&quot;:&quot;classic&quot;}\">\n\t\t\t\t\t<div class=\"e-con-inner\">\n\t\t\t\t<div class=\"elementor-element elementor-element-29466bc elementor-widget elementor-widget-heading\" data-id=\"29466bc\" data-element_type=\"widget\" data-e-type=\"widget\" data-widget_type=\"heading.default\">\n\t\t\t\t<div class=\"elementor-widget-container\">\n\t\t\t\t\t<h3 class=\"elementor-heading-title elementor-size-default\">Pension compl\u00e8te<\/h3>\t\t\t\t<\/div>\n\t\t\t\t<\/div>\n\t\t\t\t<div class=\"elementor-element elementor-element-4961f1d elementor-widget elementor-widget-text-editor\" data-id=\"4961f1d\" data-element_type=\"widget\" data-e-type=\"widget\" data-widget_type=\"text-editor.default\">\n\t\t\t\t<div class=\"elementor-widget-container\">\n\t\t\t\t\t\t\t\t\t<p class=\"p1\"><b>La solution cl\u00e9 en main pour vous et votre cheval<\/b><\/p><p class=\"p3\">La pension compl\u00e8te comprend:<br \/>\u2013 Nourriture<br \/>\u2013 Nettoyage du box<br \/>\u2013 Sellerie<br \/>\u2013 Parc individuel 7\/7 jours (sans mise au parc)<br \/>\u2013 Utilisation de nos infrastructures<\/p><p class=\"p5\"><b>TARIFS<\/b><\/p><p class=\"p5\">960 CHF (hors TVA)<\/p>\t\t\t\t\t\t\t\t<\/div>\n\t\t\t\t<\/div>\n\t\t\t\t<div class=\"elementor-element elementor-element-5808f47 elementor-widget elementor-widget-button\" data-id=\"5808f47\" data-element_type=\"widget\" data-e-type=\"widget\" data-widget_type=\"button.default\">\n\t\t\t\t<div class=\"elementor-widget-container\">\n\t\t\t\t\t\t\t\t\t<div class=\"elementor-button-wrapper\">\n\t\t\t\t\t<a class=\"elementor-button elementor-button-link elementor-size-sm\" href=\"#elementor-action%3Aaction%3Dpopup%3Aopen%26settings%3DeyJpZCI6IjQ3OTI5IiwidG9nZ2xlIjpmYWxzZX0%3D\">\n\t\t\t\t\t\t<span class=\"elementor-button-content-wrapper\">\n\t\t\t\t\t\t\t\t\t<span class=\"elementor-button-text\">contactez-nous<\/span>\n\t\t\t\t\t<\/span>\n\t\t\t\t\t<\/a>\n\t\t\t\t<\/div>\n\t\t\t\t\t\t\t\t<\/div>\n\t\t\t\t<\/div>\n\t\t\t\t\t<\/div>\n\t\t\t\t<\/div>\n\t\t\t\t<\/div>\n\t\t\t\t\t<\/div>\n\t\t\t\t<\/div>\n\t\t<div class=\"elementor-element elementor-element-57ab391 e-flex e-con-boxed e-con e-parent\" data-id=\"57ab391\" data-element_type=\"container\" data-e-type=\"container\">\n\t\t\t\t\t<div class=\"e-con-inner\">\n\t\t<div class=\"elementor-element elementor-element-b22caad e-con-full e-flex e-con e-child\" data-id=\"b22caad\" data-element_type=\"container\" data-e-type=\"container\">\n\t\t<div class=\"elementor-element elementor-element-0c784bd e-flex e-con-boxed e-con e-child\" data-id=\"0c784bd\" data-element_type=\"container\" data-e-type=\"container\" data-settings=\"{&quot;background_background&quot;:&quot;classic&quot;}\">\n\t\t\t\t\t<div class=\"e-con-inner\">\n\t\t\t\t\t<\/div>\n\t\t\t\t<\/div>\n\t\t<div class=\"elementor-element elementor-element-e4372ab e-flex e-con-boxed e-con e-child\" data-id=\"e4372ab\" data-element_type=\"container\" data-e-type=\"container\" data-settings=\"{&quot;background_background&quot;:&quot;classic&quot;}\">\n\t\t\t\t\t<div class=\"e-con-inner\">\n\t\t\t\t<div class=\"elementor-element elementor-element-faa0d02 elementor-widget elementor-widget-heading\" data-id=\"faa0d02\" data-element_type=\"widget\" data-e-type=\"widget\" data-widget_type=\"heading.default\">\n\t\t\t\t<div class=\"elementor-widget-container\">\n\t\t\t\t\t<h3 class=\"elementor-heading-title elementor-size-default\">\u00c9curie en \nautogestion<\/h3>\t\t\t\t<\/div>\n\t\t\t\t<\/div>\n\t\t\t\t<div class=\"elementor-element elementor-element-83b9873 elementor-widget elementor-widget-text-editor\" data-id=\"83b9873\" data-element_type=\"widget\" data-e-type=\"widget\" data-widget_type=\"text-editor.default\">\n\t\t\t\t<div class=\"elementor-widget-container\">\n\t\t\t\t\t\t\t\t\t<p class=\"p1\"><b>La solution pour vous <br \/>permettre de vous<br \/>occuper vous-m\u00eame de vos chevaux<\/b><\/p><p class=\"p3\">La prestation \u00e9curie en autogestion comprend:<\/p><p class=\"p3\">\u2013 Huit box<br \/>\u2013 Un parc<br \/>\u2013 \u00c9vacuation du fumier<br \/>\u2013 Utilisation de nos infrastructures<\/p><p class=\"p5\"><b>TARIFS<\/b><\/p><p class=\"p3\">8\u00d7360 CHF (hors TVA)<\/p>\t\t\t\t\t\t\t\t<\/div>\n\t\t\t\t<\/div>\n\t\t\t\t<div class=\"elementor-element elementor-element-6971002 elementor-widget elementor-widget-button\" data-id=\"6971002\" data-element_type=\"widget\" data-e-type=\"widget\" data-widget_type=\"button.default\">\n\t\t\t\t<div class=\"elementor-widget-container\">\n\t\t\t\t\t\t\t\t\t<div class=\"elementor-button-wrapper\">\n\t\t\t\t\t<a class=\"elementor-button elementor-button-link elementor-size-sm\" href=\"#elementor-action%3Aaction%3Dpopup%3Aopen%26settings%3DeyJpZCI6IjQ3OTI5IiwidG9nZ2xlIjpmYWxzZX0%3D\">\n\t\t\t\t\t\t<span class=\"elementor-button-content-wrapper\">\n\t\t\t\t\t\t\t\t\t<span class=\"elementor-button-text\">contactez-nous<\/span>\n\t\t\t\t\t<\/span>\n\t\t\t\t\t<\/a>\n\t\t\t\t<\/div>\n\t\t\t\t\t\t\t\t<\/div>\n\t\t\t\t<\/div>\n\t\t\t\t\t<\/div>\n\t\t\t\t<\/div>\n\t\t\t\t<\/div>\n\t\t\t\t\t<\/div>\n\t\t\t\t<\/div>\n\t\t<div class=\"elementor-element elementor-element-b72f601 e-flex e-con-boxed e-con e-parent\" data-id=\"b72f601\" data-element_type=\"container\" data-e-type=\"container\">\n\t\t\t\t\t<div class=\"e-con-inner\">\n\t\t<div class=\"elementor-element elementor-element-291e3f3 e-con-full e-flex e-con e-child\" data-id=\"291e3f3\" data-element_type=\"container\" data-e-type=\"container\">\n\t\t<div class=\"elementor-element elementor-element-91d9b1a e-flex e-con-boxed e-con e-child\" data-id=\"91d9b1a\" data-element_type=\"container\" data-e-type=\"container\" data-settings=\"{&quot;background_background&quot;:&quot;classic&quot;}\">\n\t\t\t\t\t<div class=\"e-con-inner\">\n\t\t\t\t\t<\/div>\n\t\t\t\t<\/div>\n\t\t<div class=\"elementor-element elementor-element-db1d0cc e-con-full e-flex e-con e-child\" data-id=\"db1d0cc\" data-element_type=\"container\" data-e-type=\"container\" data-settings=\"{&quot;background_background&quot;:&quot;classic&quot;}\">\n\t\t\t\t<div class=\"elementor-element elementor-element-428a7a1 elementor-widget elementor-widget-heading\" data-id=\"428a7a1\" data-element_type=\"widget\" data-e-type=\"widget\" data-widget_type=\"heading.default\">\n\t\t\t\t<div class=\"elementor-widget-container\">\n\t\t\t\t\t<h3 class=\"elementor-heading-title elementor-size-default\">Vacances ou retraites au P\u00e2quis<\/h3>\t\t\t\t<\/div>\n\t\t\t\t<\/div>\n\t\t\t\t<div class=\"elementor-element elementor-element-a3074a7 elementor-widget elementor-widget-text-editor\" data-id=\"a3074a7\" data-element_type=\"widget\" data-e-type=\"widget\" data-widget_type=\"text-editor.default\">\n\t\t\t\t<div class=\"elementor-widget-container\">\n\t\t\t\t\t\t\t\t\t<p class=\"p1\"><b>Offrez une pause ou une retraite bien m\u00e9rit\u00e9e \u00e0 votre cheval en pleine nature<\/b><\/p><p class=\"p3\">La prestation vacances ou retraite au P\u00e2quis comprend:<\/p><p class=\"p3\">\u2013 Place en stabulation<br \/>\u2013 Nourriture<br \/>\u2013 Nettoyage de la stabulation<br \/>\u2013 Sellerie<br \/>\u2013 Box de soin<\/p>\t\t\t\t\t\t\t\t<\/div>\n\t\t\t\t<\/div>\n\t\t\t\t<div class=\"elementor-element elementor-element-aa74c80 e-transform e-transform e-transform elementor-widget elementor-widget-text-editor\" data-id=\"aa74c80\" data-element_type=\"widget\" data-e-type=\"widget\" data-settings=\"{&quot;motion_fx_motion_fx_scrolling&quot;:&quot;yes&quot;,&quot;motion_fx_scale_effect&quot;:&quot;yes&quot;,&quot;motion_fx_scale_direction&quot;:&quot;in-out-in&quot;,&quot;motion_fx_scale_speed&quot;:{&quot;unit&quot;:&quot;px&quot;,&quot;size&quot;:-10,&quot;sizes&quot;:[]},&quot;motion_fx_scale_range&quot;:{&quot;unit&quot;:&quot;%&quot;,&quot;size&quot;:&quot;&quot;,&quot;sizes&quot;:{&quot;start&quot;:14,&quot;end&quot;:100}},&quot;_transform_rotateZ_effect&quot;:{&quot;unit&quot;:&quot;px&quot;,&quot;size&quot;:-9,&quot;sizes&quot;:[]},&quot;_transform_translateX_effect&quot;:{&quot;unit&quot;:&quot;px&quot;,&quot;size&quot;:24,&quot;sizes&quot;:[]},&quot;_transform_translateY_effect&quot;:{&quot;unit&quot;:&quot;px&quot;,&quot;size&quot;:0,&quot;sizes&quot;:[]},&quot;_transform_scale_effect&quot;:{&quot;unit&quot;:&quot;px&quot;,&quot;size&quot;:2,&quot;sizes&quot;:[]},&quot;motion_fx_devices&quot;:[&quot;desktop&quot;,&quot;laptop&quot;,&quot;tablet_extra&quot;,&quot;tablet&quot;,&quot;mobile_extra&quot;,&quot;mobile&quot;],&quot;_transform_rotateZ_effect_laptop&quot;:{&quot;unit&quot;:&quot;deg&quot;,&quot;size&quot;:&quot;&quot;,&quot;sizes&quot;:[]},&quot;_transform_rotateZ_effect_tablet_extra&quot;:{&quot;unit&quot;:&quot;deg&quot;,&quot;size&quot;:&quot;&quot;,&quot;sizes&quot;:[]},&quot;_transform_rotateZ_effect_tablet&quot;:{&quot;unit&quot;:&quot;deg&quot;,&quot;size&quot;:&quot;&quot;,&quot;sizes&quot;:[]},&quot;_transform_rotateZ_effect_mobile_extra&quot;:{&quot;unit&quot;:&quot;deg&quot;,&quot;size&quot;:&quot;&quot;,&quot;sizes&quot;:[]},&quot;_transform_rotateZ_effect_mobile&quot;:{&quot;unit&quot;:&quot;deg&quot;,&quot;size&quot;:&quot;&quot;,&quot;sizes&quot;:[]},&quot;_transform_translateX_effect_laptop&quot;:{&quot;unit&quot;:&quot;px&quot;,&quot;size&quot;:&quot;&quot;,&quot;sizes&quot;:[]},&quot;_transform_translateX_effect_tablet_extra&quot;:{&quot;unit&quot;:&quot;px&quot;,&quot;size&quot;:&quot;&quot;,&quot;sizes&quot;:[]},&quot;_transform_translateX_effect_tablet&quot;:{&quot;unit&quot;:&quot;px&quot;,&quot;size&quot;:&quot;&quot;,&quot;sizes&quot;:[]},&quot;_transform_translateX_effect_mobile_extra&quot;:{&quot;unit&quot;:&quot;px&quot;,&quot;size&quot;:&quot;&quot;,&quot;sizes&quot;:[]},&quot;_transform_translateX_effect_mobile&quot;:{&quot;unit&quot;:&quot;px&quot;,&quot;size&quot;:&quot;&quot;,&quot;sizes&quot;:[]},&quot;_transform_translateY_effect_laptop&quot;:{&quot;unit&quot;:&quot;px&quot;,&quot;size&quot;:&quot;&quot;,&quot;sizes&quot;:[]},&quot;_transform_translateY_effect_tablet_extra&quot;:{&quot;unit&quot;:&quot;px&quot;,&quot;size&quot;:&quot;&quot;,&quot;sizes&quot;:[]},&quot;_transform_translateY_effect_tablet&quot;:{&quot;unit&quot;:&quot;px&quot;,&quot;size&quot;:&quot;&quot;,&quot;sizes&quot;:[]},&quot;_transform_translateY_effect_mobile_extra&quot;:{&quot;unit&quot;:&quot;px&quot;,&quot;size&quot;:&quot;&quot;,&quot;sizes&quot;:[]},&quot;_transform_translateY_effect_mobile&quot;:{&quot;unit&quot;:&quot;px&quot;,&quot;size&quot;:&quot;&quot;,&quot;sizes&quot;:[]},&quot;_transform_scale_effect_laptop&quot;:{&quot;unit&quot;:&quot;px&quot;,&quot;size&quot;:&quot;&quot;,&quot;sizes&quot;:[]},&quot;_transform_scale_effect_tablet_extra&quot;:{&quot;unit&quot;:&quot;px&quot;,&quot;size&quot;:&quot;&quot;,&quot;sizes&quot;:[]},&quot;_transform_scale_effect_tablet&quot;:{&quot;unit&quot;:&quot;px&quot;,&quot;size&quot;:&quot;&quot;,&quot;sizes&quot;:[]},&quot;_transform_scale_effect_mobile_extra&quot;:{&quot;unit&quot;:&quot;px&quot;,&quot;size&quot;:&quot;&quot;,&quot;sizes&quot;:[]},&quot;_transform_scale_effect_mobile&quot;:{&quot;unit&quot;:&quot;px&quot;,&quot;size&quot;:&quot;&quot;,&quot;sizes&quot;:[]}}\" data-widget_type=\"text-editor.default\">\n\t\t\t\t<div class=\"elementor-widget-container\">\n\t\t\t\t\t\t\t\t\t<p class=\"p3\">OFFRE \u00e0 VENIR<\/p>\t\t\t\t\t\t\t\t<\/div>\n\t\t\t\t<\/div>\n\t\t\t\t<\/div>\n\t\t\t\t<\/div>\n\t\t\t\t\t<\/div>\n\t\t\t\t<\/div>\n\t\t<div class=\"elementor-element elementor-element-4130fe3 e-flex e-con-boxed e-con e-parent\" data-id=\"4130fe3\" data-element_type=\"container\" data-e-type=\"container\">\n\t\t\t\t\t<div class=\"e-con-inner\">\n\t\t\t\t<div class=\"elementor-element elementor-element-fe97633 elementor-widget elementor-widget-heading\" data-id=\"fe97633\" data-element_type=\"widget\" data-e-type=\"widget\" data-widget_type=\"heading.default\">\n\t\t\t\t<div class=\"elementor-widget-container\">\n\t\t\t\t\t<h2 class=\"elementor-heading-title elementor-size-default\">Informations importantes<\/h2>\t\t\t\t<\/div>\n\t\t\t\t<\/div>\n\t\t\t\t<div class=\"elementor-element elementor-element-258f5df elementor-widget elementor-widget-text-editor\" data-id=\"258f5df\" data-element_type=\"widget\" data-e-type=\"widget\" data-widget_type=\"text-editor.default\">\n\t\t\t\t<div class=\"elementor-widget-container\">\n\t\t\t\t\t\t\t\t\t<p class=\"p1\"><a href=\"https:\/\/www.iena.ch\/wp-content\/uploads\/2026\/01\/TarifsLocataires_A5_12.24_FRALL.pdf\"><span style=\"text-decoration: underline;\"><span class=\"s1\">Tarifs des prestations compl\u00e9mentaires<\/span><\/span><\/a><\/p><p class=\"p1\"><a href=\"https:\/\/www.iena.ch\/wp-content\/uploads\/2025\/02\/250516-Directive-integration-locataires-FR.pdf\" target=\"_blank\" rel=\"noopener\"><span style=\"text-decoration: underline;\"><span class=\"s1\">Directives pour les locataires \u2013 Proc\u00e9dure pour int\u00e9gration<\/span><\/span><\/a><\/p><p class=\"p1\"><a href=\"https:\/\/www.iena.ch\/wp-content\/uploads\/2026\/01\/Formulaire-exemption-test-Coggins_Nouveaux-chevaux_Formular-Erlass-Coggins-Test_Neue-Pferde_2026_DF_ok.pdf\" target=\"_blank\" rel=\"noopener\"><span style=\"text-decoration: underline;\"><span class=\"s1\">Formulaire d&rsquo;exemption du test de Coggins \u2013 Nouveaux chevaux<\/span><\/span><\/a><\/p><p class=\"p1\"><a href=\"https:\/\/www.iena.ch\/wp-content\/uploads\/2026\/01\/Formulaire-exemption-test-Coggins_Chevaux-pensionnaires_Formular-Erlass-Coggins-Test_Pferde-Pensionare_2026_DF_ok.pdf\" target=\"_blank\" rel=\"noopener\"><span style=\"text-decoration: underline;\"><span class=\"s1\">Formulaire d&rsquo;exemption du test de Coggins \u2013 R\u00e9int\u00e9gration chevaux<\/span><\/span><\/a><\/p>\t\t\t\t\t\t\t\t<\/div>\n\t\t\t\t<\/div>\n\t\t\t\t\t<\/div>\n\t\t\t\t<\/div>\n\t\t<div class=\"elementor-element elementor-element-b094343 e-flex e-con-boxed e-con e-parent\" data-id=\"b094343\" data-element_type=\"container\" data-e-type=\"container\">\n\t\t\t\t\t<div class=\"e-con-inner\">\n\t\t\t\t\t<\/div>\n\t\t\t\t<\/div>\n\t\t\t\t<\/div>\n\t\t","protected":false},"excerpt":{"rendered":"<p>Infrastructures EntrA\u00eenez-vous \u00e0 IENA IENA offre des opportunit\u00e9s uniques pour l\u2019entra\u00eenement des chevaux\u00a0 Location &amp; Pension box Devenez locataires \/ pensionnaires Vous \u00eates \u00e0 la recherche du centre d\u2019entra\u00eenement id\u00e9al pour vous \u00e9tablir avec vos chevaux? Que vous souhaitiez une pension compl\u00e8te, une \u00e9curie en autogestion ou encore un lieu pour mettre votre cheval en [&hellip;]<\/p>\n","protected":false},"author":1,"featured_media":0,"parent":0,"menu_order":0,"comment_status":"closed","ping_status":"closed","template":"","meta":{"_acf_changed":false,"footnotes":""},"class_list":["post-46874","page","type-page","status-publish","hentry"],"acf":[],"yoast_head":"<!-- This site is optimized with the Yoast SEO plugin v27.5 - https:\/\/yoast.com\/product\/yoast-seo-wordpress\/ -->\n<title>Location d&#039;infrastructures - IENA<\/title>\n<meta name=\"description\" content=\"Location d\u2019infrastructures : Vous \u00eates \u00e0 la recherche du centre d\u2019entra\u00eenement id\u00e9al pour vous \u00e9tablir avec vos chevaux? D\u00e9couvrez l&#039;IENA !\" \/>\n<meta name=\"robots\" content=\"index, follow, max-snippet:-1, max-image-preview:large, max-video-preview:-1\" \/>\n<link rel=\"canonical\" href=\"https:\/\/www.iena.ch\/de\/location-dinfrastructures\/\" \/>\n<meta property=\"og:locale\" content=\"de_DE\" \/>\n<meta property=\"og:type\" content=\"article\" \/>\n<meta property=\"og:title\" content=\"Location d&#039;infrastructures - IENA\" \/>\n<meta property=\"og:description\" content=\"Location d\u2019infrastructures : Vous \u00eates \u00e0 la recherche du centre d\u2019entra\u00eenement id\u00e9al pour vous \u00e9tablir avec vos chevaux? D\u00e9couvrez l&#039;IENA !\" \/>\n<meta property=\"og:url\" content=\"https:\/\/www.iena.ch\/de\/location-dinfrastructures\/\" \/>\n<meta property=\"og:site_name\" content=\"IENA\" \/>\n<meta property=\"article:publisher\" content=\"https:\/\/www.facebook.com\/iena.avenches\/?locale=fr_FR\" \/>\n<meta property=\"article:modified_time\" content=\"2026-03-26T06:35:00+00:00\" \/>\n<meta name=\"twitter:card\" content=\"summary_large_image\" \/>\n<meta name=\"twitter:site\" content=\"@iena_avenches\" \/>\n<meta name=\"twitter:label1\" content=\"Gesch\u00e4tzte Lesezeit\" \/>\n\t<meta name=\"twitter:data1\" content=\"2\u00a0Minuten\" \/>\n<script type=\"application\/ld+json\" class=\"yoast-schema-graph\">{\"@context\":\"https:\\\/\\\/schema.org\",\"@graph\":[{\"@type\":\"WebPage\",\"@id\":\"https:\\\/\\\/www.iena.ch\\\/location-dinfrastructures\\\/\",\"url\":\"https:\\\/\\\/www.iena.ch\\\/location-dinfrastructures\\\/\",\"name\":\"Location d'infrastructures - IENA\",\"isPartOf\":{\"@id\":\"https:\\\/\\\/www.iena.ch\\\/#website\"},\"datePublished\":\"2023-09-01T06:45:35+00:00\",\"dateModified\":\"2026-03-26T06:35:00+00:00\",\"description\":\"Location d\u2019infrastructures : Vous \u00eates \u00e0 la recherche du centre d\u2019entra\u00eenement id\u00e9al pour vous \u00e9tablir avec vos chevaux? D\u00e9couvrez l'IENA !\",\"breadcrumb\":{\"@id\":\"https:\\\/\\\/www.iena.ch\\\/location-dinfrastructures\\\/#breadcrumb\"},\"inLanguage\":\"de\",\"potentialAction\":[{\"@type\":\"ReadAction\",\"target\":[\"https:\\\/\\\/www.iena.ch\\\/location-dinfrastructures\\\/\"]}]},{\"@type\":\"BreadcrumbList\",\"@id\":\"https:\\\/\\\/www.iena.ch\\\/location-dinfrastructures\\\/#breadcrumb\",\"itemListElement\":[{\"@type\":\"ListItem\",\"position\":1,\"name\":\"Accueil\",\"item\":\"https:\\\/\\\/www.iena.ch\\\/\"},{\"@type\":\"ListItem\",\"position\":2,\"name\":\"Location d&rsquo;infrastructures\"}]},{\"@type\":\"WebSite\",\"@id\":\"https:\\\/\\\/www.iena.ch\\\/#website\",\"url\":\"https:\\\/\\\/www.iena.ch\\\/\",\"name\":\"IENA\",\"description\":\"Institut \u00c9questre National d&#039;Avenches\",\"publisher\":{\"@id\":\"https:\\\/\\\/www.iena.ch\\\/#organization\"},\"potentialAction\":[{\"@type\":\"SearchAction\",\"target\":{\"@type\":\"EntryPoint\",\"urlTemplate\":\"https:\\\/\\\/www.iena.ch\\\/?s={search_term_string}\"},\"query-input\":{\"@type\":\"PropertyValueSpecification\",\"valueRequired\":true,\"valueName\":\"search_term_string\"}}],\"inLanguage\":\"de\"},{\"@type\":\"Organization\",\"@id\":\"https:\\\/\\\/www.iena.ch\\\/#organization\",\"name\":\"IENA\",\"url\":\"https:\\\/\\\/www.iena.ch\\\/\",\"logo\":{\"@type\":\"ImageObject\",\"inLanguage\":\"de\",\"@id\":\"https:\\\/\\\/www.iena.ch\\\/#\\\/schema\\\/logo\\\/image\\\/\",\"url\":\"https:\\\/\\\/www.iena.ch\\\/wp-content\\\/uploads\\\/2023\\\/08\\\/logo-green.png\",\"contentUrl\":\"https:\\\/\\\/www.iena.ch\\\/wp-content\\\/uploads\\\/2023\\\/08\\\/logo-green.png\",\"width\":140,\"height\":78,\"caption\":\"IENA\"},\"image\":{\"@id\":\"https:\\\/\\\/www.iena.ch\\\/#\\\/schema\\\/logo\\\/image\\\/\"},\"sameAs\":[\"https:\\\/\\\/www.facebook.com\\\/iena.avenches\\\/?locale=fr_FR\",\"https:\\\/\\\/x.com\\\/iena_avenches\",\"https:\\\/\\\/www.instagram.com\\\/iena.avenches\\\/\"]}]}<\/script>\n<!-- \/ Yoast SEO plugin. -->","yoast_head_json":{"title":"Vermietung von Infrastruktur - IENA","description":"Infrastruktur mieten: Sind Sie auf der Suche nach dem idealen Trainingszentrum, um sich und Ihre Pferde zu etablieren? Entdecken Sie die IENA!","robots":{"index":"index","follow":"follow","max-snippet":"max-snippet:-1","max-image-preview":"max-image-preview:large","max-video-preview":"max-video-preview:-1"},"canonical":"https:\/\/www.iena.ch\/de\/location-dinfrastructures\/","og_locale":"de_DE","og_type":"article","og_title":"Location d'infrastructures - IENA","og_description":"Location d\u2019infrastructures : Vous \u00eates \u00e0 la recherche du centre d\u2019entra\u00eenement id\u00e9al pour vous \u00e9tablir avec vos chevaux? D\u00e9couvrez l'IENA !","og_url":"https:\/\/www.iena.ch\/de\/location-dinfrastructures\/","og_site_name":"IENA","article_publisher":"https:\/\/www.facebook.com\/iena.avenches\/?locale=fr_FR","article_modified_time":"2026-03-26T06:35:00+00:00","twitter_card":"summary_large_image","twitter_site":"@iena_avenches","twitter_misc":{"Gesch\u00e4tzte Lesezeit":"2\u00a0Minuten"},"schema":{"@context":"https:\/\/schema.org","@graph":[{"@type":"WebPage","@id":"https:\/\/www.iena.ch\/location-dinfrastructures\/","url":"https:\/\/www.iena.ch\/location-dinfrastructures\/","name":"Vermietung von Infrastruktur - IENA","isPartOf":{"@id":"https:\/\/www.iena.ch\/#website"},"datePublished":"2023-09-01T06:45:35+00:00","dateModified":"2026-03-26T06:35:00+00:00","description":"Infrastruktur mieten: Sind Sie auf der Suche nach dem idealen Trainingszentrum, um sich und Ihre Pferde zu etablieren? Entdecken Sie die IENA!","breadcrumb":{"@id":"https:\/\/www.iena.ch\/location-dinfrastructures\/#breadcrumb"},"inLanguage":"de","potentialAction":[{"@type":"ReadAction","target":["https:\/\/www.iena.ch\/location-dinfrastructures\/"]}]},{"@type":"BreadcrumbList","@id":"https:\/\/www.iena.ch\/location-dinfrastructures\/#breadcrumb","itemListElement":[{"@type":"ListItem","position":1,"name":"Accueil","item":"https:\/\/www.iena.ch\/"},{"@type":"ListItem","position":2,"name":"Location d&rsquo;infrastructures"}]},{"@type":"WebSite","@id":"https:\/\/www.iena.ch\/#website","url":"https:\/\/www.iena.ch\/","name":"IENA","description":"Institut \u00c9questre National d&#039;Avenches","publisher":{"@id":"https:\/\/www.iena.ch\/#organization"},"potentialAction":[{"@type":"SearchAction","target":{"@type":"EntryPoint","urlTemplate":"https:\/\/www.iena.ch\/?s={search_term_string}"},"query-input":{"@type":"PropertyValueSpecification","valueRequired":true,"valueName":"search_term_string"}}],"inLanguage":"de"},{"@type":"Organization","@id":"https:\/\/www.iena.ch\/#organization","name":"IENA","url":"https:\/\/www.iena.ch\/","logo":{"@type":"ImageObject","inLanguage":"de","@id":"https:\/\/www.iena.ch\/#\/schema\/logo\/image\/","url":"https:\/\/www.iena.ch\/wp-content\/uploads\/2023\/08\/logo-green.png","contentUrl":"https:\/\/www.iena.ch\/wp-content\/uploads\/2023\/08\/logo-green.png","width":140,"height":78,"caption":"IENA"},"image":{"@id":"https:\/\/www.iena.ch\/#\/schema\/logo\/image\/"},"sameAs":["https:\/\/www.facebook.com\/iena.avenches\/?locale=fr_FR","https:\/\/x.com\/iena_avenches","https:\/\/www.instagram.com\/iena.avenches\/"]}]}},"_links":{"self":[{"href":"https:\/\/www.iena.ch\/de\/wp-json\/wp\/v2\/pages\/46874","targetHints":{"allow":["GET"]}}],"collection":[{"href":"https:\/\/www.iena.ch\/de\/wp-json\/wp\/v2\/pages"}],"about":[{"href":"https:\/\/www.iena.ch\/de\/wp-json\/wp\/v2\/types\/page"}],"author":[{"embeddable":true,"href":"https:\/\/www.iena.ch\/de\/wp-json\/wp\/v2\/users\/1"}],"replies":[{"embeddable":true,"href":"https:\/\/www.iena.ch\/de\/wp-json\/wp\/v2\/comments?post=46874"}],"version-history":[{"count":104,"href":"https:\/\/www.iena.ch\/de\/wp-json\/wp\/v2\/pages\/46874\/revisions"}],"predecessor-version":[{"id":52777,"href":"https:\/\/www.iena.ch\/de\/wp-json\/wp\/v2\/pages\/46874\/revisions\/52777"}],"wp:attachment":[{"href":"https:\/\/www.iena.ch\/de\/wp-json\/wp\/v2\/media?parent=46874"}],"curies":[{"name":"wp","href":"https:\/\/api.w.org\/{rel}","templated":true}]}}