{"id":46712,"date":"2023-08-31T15:20:26","date_gmt":"2023-08-31T13:20:26","guid":{"rendered":"https:\/\/iena.ch\/?page_id=46712"},"modified":"2026-03-03T14:34:27","modified_gmt":"2026-03-03T13:34:27","slug":"location-de-salle","status":"publish","type":"page","link":"https:\/\/www.iena.ch\/de\/location-de-salle\/","title":{"rendered":"Saalmiete"},"content":{"rendered":"<div data-elementor-type=\"wp-page\" data-elementor-id=\"46712\" class=\"elementor elementor-46712\" data-elementor-post-type=\"page\">\n\t\t\t\t<div class=\"elementor-element elementor-element-e759cef e-flex e-con-boxed e-con e-parent\" data-id=\"e759cef\" data-element_type=\"container\" data-e-type=\"container\" data-settings=\"{&quot;background_background&quot;:&quot;classic&quot;}\">\n\t\t\t\t\t<div class=\"e-con-inner\">\n\t\t\t\t\t<\/div>\n\t\t\t\t<\/div>\n\t\t<div class=\"elementor-element elementor-element-f6538a1 e-flex e-con-boxed e-con e-parent\" data-id=\"f6538a1\" data-element_type=\"container\" data-e-type=\"container\">\n\t\t\t\t\t<div class=\"e-con-inner\">\n\t\t<div class=\"elementor-element elementor-element-20a7079 e-con-full e-flex e-con e-child\" data-id=\"20a7079\" data-element_type=\"container\" data-e-type=\"container\">\n\t\t\t\t<div class=\"elementor-element elementor-element-8dbf38b elementor-widget elementor-widget-heading\" data-id=\"8dbf38b\" data-element_type=\"widget\" data-e-type=\"widget\" data-widget_type=\"heading.default\">\n\t\t\t\t<div class=\"elementor-widget-container\">\n\t\t\t\t\t<h2 class=\"elementor-heading-title elementor-size-default\">Ihre Veranstaltung <br>\nin einem idyllischen <br>\nRahmen<\/h2>\t\t\t\t<\/div>\n\t\t\t\t<\/div>\n\t\t\t\t<div class=\"elementor-element elementor-element-e377769 elementor-widget elementor-widget-text-editor\" data-id=\"e377769\" data-element_type=\"widget\" data-e-type=\"widget\" data-widget_type=\"text-editor.default\">\n\t\t\t\t<div class=\"elementor-widget-container\">\n\t\t\t\t\t\t\t\t\t<p class=\"p1\">Organisieren Sie ein Seminar, eine Sitzung, eine Konferenz oder eine Kundenveranstaltung?<\/p><p class=\"p1\">IENA verf\u00fcgt \u00fcber verschiedene R\u00e4umlichkeiten, in denen Sie Ihr privates oder berufliches Projekt realisieren k\u00f6nnen.<\/p><p class=\"p1\">Wenden Sie sich an unser engagiertes Team f\u00fcr Tagungen und Veranstaltungen - wir beantworten gerne Ihre Fragen und helfen Ihnen bei der Planung.<\/p><p class=\"p1\"><span class=\"s1\">Sie k\u00f6nnen unsere R\u00e4umlichkeiten sehr gerne besichtigen und ein unverbindliches Angebot verlangen.<\/span><\/p>\t\t\t\t\t\t\t\t<\/div>\n\t\t\t\t<\/div>\n\t\t\t\t<\/div>\n\t\t<div class=\"elementor-element elementor-element-c5f10b5 e-con-full e-flex e-con e-child\" data-id=\"c5f10b5\" data-element_type=\"container\" data-e-type=\"container\">\n\t\t<div class=\"elementor-element elementor-element-4a230cd e-con-full e-flex e-con e-child\" data-id=\"4a230cd\" data-element_type=\"container\" data-e-type=\"container\" data-settings=\"{&quot;background_background&quot;:&quot;classic&quot;}\">\n\t\t\t\t<div class=\"elementor-element elementor-element-caae2c8 elementor-widget__width-auto elementor-widget elementor-widget-image\" data-id=\"caae2c8\" data-element_type=\"widget\" data-e-type=\"widget\" data-widget_type=\"image.default\">\n\t\t\t\t<div class=\"elementor-widget-container\">\n\t\t\t\t\t\t\t\t\t\t\t\t\t\t\t<img fetchpriority=\"high\" decoding=\"async\" width=\"225\" height=\"225\" src=\"https:\/\/www.iena.ch\/wp-content\/uploads\/2023\/08\/event_1.jpg\" class=\"attachment-full size-full wp-image-46618\" alt=\"\" srcset=\"https:\/\/www.iena.ch\/wp-content\/uploads\/2023\/08\/event_1.jpg 225w, https:\/\/www.iena.ch\/wp-content\/uploads\/2023\/08\/event_1-150x150.jpg 150w\" sizes=\"(max-width: 225px) 100vw, 225px\" \/>\t\t\t\t\t\t\t\t\t\t\t\t\t\t\t<\/div>\n\t\t\t\t<\/div>\n\t\t\t\t<div class=\"elementor-element elementor-element-e12422c elementor-widget elementor-widget-text-editor\" data-id=\"e12422c\" data-element_type=\"widget\" data-e-type=\"widget\" data-widget_type=\"text-editor.default\">\n\t\t\t\t<div class=\"elementor-widget-container\">\n\t\t\t\t\t\t\t\t\t<p class=\"p1\">Konferenzr\u00e4ume<br \/>und Veranstaltungen<\/p>\t\t\t\t\t\t\t\t<\/div>\n\t\t\t\t<\/div>\n\t\t\t\t<div class=\"elementor-element elementor-element-4d501cc elementor-widget__width-auto elementor-widget elementor-widget-image\" data-id=\"4d501cc\" data-element_type=\"widget\" data-e-type=\"widget\" data-widget_type=\"image.default\">\n\t\t\t\t<div class=\"elementor-widget-container\">\n\t\t\t\t\t\t\t\t\t\t\t\t\t\t\t<img decoding=\"async\" width=\"225\" height=\"225\" src=\"https:\/\/www.iena.ch\/wp-content\/uploads\/2023\/08\/event_3.jpg\" class=\"attachment-large size-large wp-image-46620\" alt=\"\" srcset=\"https:\/\/www.iena.ch\/wp-content\/uploads\/2023\/08\/event_3.jpg 225w, https:\/\/www.iena.ch\/wp-content\/uploads\/2023\/08\/event_3-150x150.jpg 150w\" sizes=\"(max-width: 225px) 100vw, 225px\" \/>\t\t\t\t\t\t\t\t\t\t\t\t\t\t\t<\/div>\n\t\t\t\t<\/div>\n\t\t\t\t<div class=\"elementor-element elementor-element-4d6f67c elementor-widget elementor-widget-text-editor\" data-id=\"4d6f67c\" data-element_type=\"widget\" data-e-type=\"widget\" data-widget_type=\"text-editor.default\">\n\t\t\t\t<div class=\"elementor-widget-container\">\n\t\t\t\t\t\t\t\t\t<p class=\"p1\">Gro\u00dfer kostenloser Parkplatz<\/p>\t\t\t\t\t\t\t\t<\/div>\n\t\t\t\t<\/div>\n\t\t\t\t<\/div>\n\t\t<div class=\"elementor-element elementor-element-df521fb e-con-full e-flex e-con e-child\" data-id=\"df521fb\" data-element_type=\"container\" data-e-type=\"container\" data-settings=\"{&quot;background_background&quot;:&quot;classic&quot;}\">\n\t\t\t\t<div class=\"elementor-element elementor-element-db188c9 elementor-widget__width-auto elementor-widget elementor-widget-image\" data-id=\"db188c9\" data-element_type=\"widget\" data-e-type=\"widget\" data-widget_type=\"image.default\">\n\t\t\t\t<div class=\"elementor-widget-container\">\n\t\t\t\t\t\t\t\t\t\t\t\t\t\t\t<img decoding=\"async\" width=\"225\" height=\"225\" src=\"https:\/\/www.iena.ch\/wp-content\/uploads\/2023\/08\/event_2.jpg\" class=\"attachment-large size-large wp-image-46619\" alt=\"\" srcset=\"https:\/\/www.iena.ch\/wp-content\/uploads\/2023\/08\/event_2.jpg 225w, https:\/\/www.iena.ch\/wp-content\/uploads\/2023\/08\/event_2-150x150.jpg 150w\" sizes=\"(max-width: 225px) 100vw, 225px\" \/>\t\t\t\t\t\t\t\t\t\t\t\t\t\t\t<\/div>\n\t\t\t\t<\/div>\n\t\t\t\t<div class=\"elementor-element elementor-element-0c2ad61 elementor-widget elementor-widget-text-editor\" data-id=\"0c2ad61\" data-element_type=\"widget\" data-e-type=\"widget\" data-widget_type=\"text-editor.default\">\n\t\t\t\t<div class=\"elementor-widget-container\">\n\t\t\t\t\t\t\t\t\t<p class=\"p1\">M\u00f6glichkeit, einen externen Cateringservice zu beauftragen oder mit dem Restaurant zusammenzuarbeiten<\/p>\t\t\t\t\t\t\t\t<\/div>\n\t\t\t\t<\/div>\n\t\t\t\t<div class=\"elementor-element elementor-element-5d51571 elementor-widget__width-auto elementor-widget elementor-widget-image\" data-id=\"5d51571\" data-element_type=\"widget\" data-e-type=\"widget\" data-widget_type=\"image.default\">\n\t\t\t\t<div class=\"elementor-widget-container\">\n\t\t\t\t\t\t\t\t\t\t\t\t\t\t\t<img loading=\"lazy\" decoding=\"async\" width=\"225\" height=\"225\" src=\"https:\/\/www.iena.ch\/wp-content\/uploads\/2023\/08\/event_4.jpg\" class=\"attachment-large size-large wp-image-46621\" alt=\"\" srcset=\"https:\/\/www.iena.ch\/wp-content\/uploads\/2023\/08\/event_4.jpg 225w, https:\/\/www.iena.ch\/wp-content\/uploads\/2023\/08\/event_4-150x150.jpg 150w\" sizes=\"(max-width: 225px) 100vw, 225px\" \/>\t\t\t\t\t\t\t\t\t\t\t\t\t\t\t<\/div>\n\t\t\t\t<\/div>\n\t\t\t\t<div class=\"elementor-element elementor-element-b66cc9c elementor-widget elementor-widget-text-editor\" data-id=\"b66cc9c\" data-element_type=\"widget\" data-e-type=\"widget\" data-widget_type=\"text-editor.default\">\n\t\t\t\t<div class=\"elementor-widget-container\">\n\t\t\t\t\t\t\t\t\t<p class=\"p1\">Autobahn 2 min entfernt<\/p>\t\t\t\t\t\t\t\t<\/div>\n\t\t\t\t<\/div>\n\t\t\t\t<\/div>\n\t\t\t\t<\/div>\n\t\t\t\t\t<\/div>\n\t\t\t\t<\/div>\n\t\t<div class=\"elementor-element elementor-element-f4f2bd0 e-flex e-con-boxed e-con e-parent\" data-id=\"f4f2bd0\" data-element_type=\"container\" data-e-type=\"container\">\n\t\t\t\t\t<div class=\"e-con-inner\">\n\t\t<div class=\"elementor-element elementor-element-b283090 e-flex e-con-boxed e-con e-child\" data-id=\"b283090\" data-element_type=\"container\" data-e-type=\"container\" data-settings=\"{&quot;background_background&quot;:&quot;classic&quot;}\">\n\t\t\t\t\t<div class=\"e-con-inner\">\n\t\t<div class=\"elementor-element elementor-element-2b2f50d e-flex e-con-boxed e-con e-child\" data-id=\"2b2f50d\" data-element_type=\"container\" data-e-type=\"container\" data-settings=\"{&quot;background_background&quot;:&quot;classic&quot;}\">\n\t\t\t\t\t<div class=\"e-con-inner\">\n\t\t<div class=\"elementor-element elementor-element-acd9fa6 e-con-full e-flex e-con e-child\" data-id=\"acd9fa6\" data-element_type=\"container\" data-e-type=\"container\" data-settings=\"{&quot;background_background&quot;:&quot;classic&quot;}\">\n\t\t\t\t<div class=\"elementor-element elementor-element-c5c9e68 elementor-widget elementor-widget-heading\" data-id=\"c5c9e68\" data-element_type=\"widget\" data-e-type=\"widget\" data-widget_type=\"heading.default\">\n\t\t\t\t<div class=\"elementor-widget-container\">\n\t\t\t\t\t<h2 class=\"elementor-heading-title elementor-size-default\">Saalmiete<\/h2>\t\t\t\t<\/div>\n\t\t\t\t<\/div>\n\t\t\t\t<div class=\"elementor-element elementor-element-9365a1f elementor-widget elementor-widget-heading\" data-id=\"9365a1f\" data-element_type=\"widget\" data-e-type=\"widget\" data-widget_type=\"heading.default\">\n\t\t\t\t<div class=\"elementor-widget-container\">\n\t\t\t\t\t<h4 class=\"elementor-heading-title elementor-size-default\">ENTDECKEN SIE UNSERE R\u00c4UME<\/h4>\t\t\t\t<\/div>\n\t\t\t\t<\/div>\n\t\t\t\t<div class=\"elementor-element elementor-element-242a5ee elementor-widget elementor-widget-text-editor\" data-id=\"242a5ee\" data-element_type=\"widget\" data-e-type=\"widget\" data-widget_type=\"text-editor.default\">\n\t\t\t\t<div class=\"elementor-widget-container\">\n\t\t\t\t\t\t\t\t\t<p class=\"p1\">f\u00fcr Veranstaltungen, Seminare und Konferenzen<\/p>\t\t\t\t\t\t\t\t<\/div>\n\t\t\t\t<\/div>\n\t\t\t\t<\/div>\n\t\t\t\t\t<\/div>\n\t\t\t\t<\/div>\n\t\t\t\t\t<\/div>\n\t\t\t\t<\/div>\n\t\t\t\t\t<\/div>\n\t\t\t\t<\/div>\n\t\t<div class=\"elementor-element elementor-element-86f3bc9 e-flex e-con-boxed e-con e-parent\" data-id=\"86f3bc9\" data-element_type=\"container\" data-e-type=\"container\">\n\t\t\t\t\t<div class=\"e-con-inner\">\n\t\t<div class=\"elementor-element elementor-element-efd7179 e-con-full e-flex e-con e-child\" data-id=\"efd7179\" data-element_type=\"container\" data-e-type=\"container\">\n\t\t<div class=\"elementor-element elementor-element-4014e7f e-flex e-con-boxed e-con e-child\" data-id=\"4014e7f\" data-element_type=\"container\" data-e-type=\"container\" data-settings=\"{&quot;background_background&quot;:&quot;classic&quot;}\">\n\t\t\t\t\t<div class=\"e-con-inner\">\n\t\t\t\t\t<\/div>\n\t\t\t\t<\/div>\n\t\t<div class=\"elementor-element elementor-element-05357d0 e-con-full e-flex e-con e-child\" data-id=\"05357d0\" data-element_type=\"container\" data-e-type=\"container\" data-settings=\"{&quot;background_background&quot;:&quot;classic&quot;}\">\n\t\t\t\t<div class=\"elementor-element elementor-element-cba750b elementor-widget elementor-widget-heading\" data-id=\"cba750b\" data-element_type=\"widget\" data-e-type=\"widget\" data-widget_type=\"heading.default\">\n\t\t\t\t<div class=\"elementor-widget-container\">\n\t\t\t\t\t<h3 class=\"elementor-heading-title elementor-size-default\">SAAL <br>\nATRIUM<\/h3>\t\t\t\t<\/div>\n\t\t\t\t<\/div>\n\t\t\t\t<div class=\"elementor-element elementor-element-4bfa255 elementor-widget elementor-widget-text-editor\" data-id=\"4bfa255\" data-element_type=\"widget\" data-e-type=\"widget\" data-widget_type=\"text-editor.default\">\n\t\t\t\t<div class=\"elementor-widget-container\">\n\t\t\t\t\t\t\t\t\t<p class=\"p1\">Der Salle Atrium ist ein 250m2 gro\u00dfer Raum in einem atypischen Rahmen, der mit viel Charme im Dachgeschoss eines ehemaligen Kuhstalls eingerichtet wurde. Seine hochmoderne Ausstattung bietet unglaubliche M\u00f6glichkeiten f\u00fcr jede Art von Veranstaltung: eine modulare Projektionsfl\u00e4che von bis zu 5,5x3m, die M\u00f6glichkeit, mehrere Bildschirme anzuzeigen, Beistellfernseher, ein drahtloses Mikrofon und eine hervorragende Akustik. Mit Schallschutzvorh\u00e4ngen und Lichteffekten k\u00f6nnen Sie den Raum in die gew\u00fcnschte Atmosph\u00e4re verwandeln.<\/p><p class=\"p1\">Der Raum bietet Platz f\u00fcr 60 bis 150 Personen.<\/p>\t\t\t\t\t\t\t\t<\/div>\n\t\t\t\t<\/div>\n\t\t\t\t<div class=\"elementor-element elementor-element-da4c78b elementor-widget elementor-widget-heading\" data-id=\"da4c78b\" data-element_type=\"widget\" data-e-type=\"widget\" data-widget_type=\"heading.default\">\n\t\t\t\t<div class=\"elementor-widget-container\">\n\t\t\t\t\t<h3 class=\"elementor-heading-title elementor-size-default\">TARIFE<\/h3>\t\t\t\t<\/div>\n\t\t\t\t<\/div>\n\t\t\t\t<div class=\"elementor-element elementor-element-953b150 elementor-widget elementor-widget-text-editor\" data-id=\"953b150\" data-element_type=\"widget\" data-e-type=\"widget\" data-widget_type=\"text-editor.default\">\n\t\t\t\t<div class=\"elementor-widget-container\">\n\t\t\t\t\t\t\t\t\t<p class=\"p1\">Ganzer Tag: CHF 800.-<br \/>1\/2 Tag: CHF 550.-<\/p>\t\t\t\t\t\t\t\t<\/div>\n\t\t\t\t<\/div>\n\t\t\t\t<div class=\"elementor-element elementor-element-153830a elementor-widget elementor-widget-button\" data-id=\"153830a\" data-element_type=\"widget\" data-e-type=\"widget\" data-widget_type=\"button.default\">\n\t\t\t\t<div class=\"elementor-widget-container\">\n\t\t\t\t\t\t\t\t\t<div class=\"elementor-button-wrapper\">\n\t\t\t\t\t<a class=\"elementor-button elementor-button-link elementor-size-sm\" href=\"#elementor-action%3Aaction%3Dpopup%3Aopen%26settings%3DeyJpZCI6IjQ3OTExIiwidG9nZ2xlIjpmYWxzZX0%3D\">\n\t\t\t\t\t\t<span class=\"elementor-button-content-wrapper\">\n\t\t\t\t\t\t\t\t\t<span class=\"elementor-button-text\">Offerte anfragen<\/span>\n\t\t\t\t\t<\/span>\n\t\t\t\t\t<\/a>\n\t\t\t\t<\/div>\n\t\t\t\t\t\t\t\t<\/div>\n\t\t\t\t<\/div>\n\t\t\t\t<div class=\"elementor-element elementor-element-8f3664e elementor-widget__width-initial elementor-widget elementor-widget-button\" data-id=\"8f3664e\" data-element_type=\"widget\" data-e-type=\"widget\" data-widget_type=\"button.default\">\n\t\t\t\t<div class=\"elementor-widget-container\">\n\t\t\t\t\t\t\t\t\t<div class=\"elementor-button-wrapper\">\n\t\t\t\t\t<a class=\"elementor-button elementor-button-link elementor-size-sm\" href=\"https:\/\/www.iena.ch\/wp-content\/uploads\/2025\/11\/A4_SalleAtrium.pdf\" target=\"_blank\">\n\t\t\t\t\t\t<span class=\"elementor-button-content-wrapper\">\n\t\t\t\t\t\t\t\t\t<span class=\"elementor-button-text\">technisches Datenblatt<\/span>\n\t\t\t\t\t<\/span>\n\t\t\t\t\t<\/a>\n\t\t\t\t<\/div>\n\t\t\t\t\t\t\t\t<\/div>\n\t\t\t\t<\/div>\n\t\t\t\t<div class=\"elementor-element elementor-element-1922f7a elementor-widget__width-initial elementor-widget elementor-widget-button\" data-id=\"1922f7a\" data-element_type=\"widget\" data-e-type=\"widget\" data-widget_type=\"button.default\">\n\t\t\t\t<div class=\"elementor-widget-container\">\n\t\t\t\t\t\t\t\t\t<div class=\"elementor-button-wrapper\">\n\t\t\t\t\t<a class=\"elementor-button elementor-button-link elementor-size-sm\" href=\"https:\/\/www.iena.ch\/wp-content\/uploads\/2026\/01\/Conditions-generales_Atrium_2026.pdf\" target=\"_blank\">\n\t\t\t\t\t\t<span class=\"elementor-button-content-wrapper\">\n\t\t\t\t\t\t\t\t\t<span class=\"elementor-button-text\">Allgemeine Bedingungen<\/span>\n\t\t\t\t\t<\/span>\n\t\t\t\t\t<\/a>\n\t\t\t\t<\/div>\n\t\t\t\t\t\t\t\t<\/div>\n\t\t\t\t<\/div>\n\t\t\t\t<\/div>\n\t\t\t\t<\/div>\n\t\t\t\t\t<\/div>\n\t\t\t\t<\/div>\n\t\t<div class=\"elementor-element elementor-element-ca8c5a4 e-flex e-con-boxed e-con e-parent\" data-id=\"ca8c5a4\" data-element_type=\"container\" data-e-type=\"container\">\n\t\t\t\t\t<div class=\"e-con-inner\">\n\t\t<div class=\"elementor-element elementor-element-d706524 e-con-full e-flex e-con e-child\" data-id=\"d706524\" data-element_type=\"container\" data-e-type=\"container\">\n\t\t<div class=\"elementor-element elementor-element-aa8ec9e e-flex e-con-boxed e-con e-child\" data-id=\"aa8ec9e\" data-element_type=\"container\" data-e-type=\"container\" data-settings=\"{&quot;background_background&quot;:&quot;classic&quot;}\">\n\t\t\t\t\t<div class=\"e-con-inner\">\n\t\t\t\t\t<\/div>\n\t\t\t\t<\/div>\n\t\t<div class=\"elementor-element elementor-element-f51042c e-flex e-con-boxed e-con e-child\" data-id=\"f51042c\" data-element_type=\"container\" data-e-type=\"container\" data-settings=\"{&quot;background_background&quot;:&quot;classic&quot;}\">\n\t\t\t\t\t<div class=\"e-con-inner\">\n\t\t\t\t<div class=\"elementor-element elementor-element-3031861 elementor-widget elementor-widget-heading\" data-id=\"3031861\" data-element_type=\"widget\" data-e-type=\"widget\" data-widget_type=\"heading.default\">\n\t\t\t\t<div class=\"elementor-widget-container\">\n\t\t\t\t\t<h3 class=\"elementor-heading-title elementor-size-default\">SAAL <br>\nJPK<\/h3>\t\t\t\t<\/div>\n\t\t\t\t<\/div>\n\t\t\t\t<div class=\"elementor-element elementor-element-7096fab elementor-widget elementor-widget-heading\" data-id=\"7096fab\" data-element_type=\"widget\" data-e-type=\"widget\" data-widget_type=\"heading.default\">\n\t\t\t\t<div class=\"elementor-widget-container\">\n\t\t\t\t\t<h3 class=\"elementor-heading-title elementor-size-default\">TARIFE<\/h3>\t\t\t\t<\/div>\n\t\t\t\t<\/div>\n\t\t\t\t<div class=\"elementor-element elementor-element-94e0b17 elementor-widget elementor-widget-text-editor\" data-id=\"94e0b17\" data-element_type=\"widget\" data-e-type=\"widget\" data-widget_type=\"text-editor.default\">\n\t\t\t\t<div class=\"elementor-widget-container\">\n\t\t\t\t\t\t\t\t\t<p class=\"p1\">Gem\u00fctlicher Raum mit einem atemberaubenden Blick auf die Pferderennbahn. Ein idealer Raum f\u00fcr Versammlungen im kleinen Kreis.<\/p><p>Ausstattung: TV-Bildschirm f\u00fcr Ihre Vorf\u00fchrungen, Kaffeemaschine (auf Anfrage).<\/p><p class=\"p1\">Unser Raum bietet Platz f\u00fcr bis zu 8 Personen.<\/p><p>Nur von Montag bis Freitag von 8:00 bis 18:00 Uhr buchbar.<\/p>\t\t\t\t\t\t\t\t<\/div>\n\t\t\t\t<\/div>\n\t\t\t\t<div class=\"elementor-element elementor-element-42450f6 elementor-widget elementor-widget-text-editor\" data-id=\"42450f6\" data-element_type=\"widget\" data-e-type=\"widget\" data-widget_type=\"text-editor.default\">\n\t\t\t\t<div class=\"elementor-widget-container\">\n\t\t\t\t\t\t\t\t\t<p class=\"p1\">Ganzer Tag: 200.-<br \/>1\/2 Tag: 140.-<\/p>\t\t\t\t\t\t\t\t<\/div>\n\t\t\t\t<\/div>\n\t\t\t\t<div class=\"elementor-element elementor-element-f4f5c48 elementor-widget elementor-widget-button\" data-id=\"f4f5c48\" data-element_type=\"widget\" data-e-type=\"widget\" data-widget_type=\"button.default\">\n\t\t\t\t<div class=\"elementor-widget-container\">\n\t\t\t\t\t\t\t\t\t<div class=\"elementor-button-wrapper\">\n\t\t\t\t\t<a class=\"elementor-button elementor-button-link elementor-size-sm\" href=\"#elementor-action%3Aaction%3Dpopup%3Aopen%26settings%3DeyJpZCI6IjQ3OTExIiwidG9nZ2xlIjpmYWxzZX0%3D\">\n\t\t\t\t\t\t<span class=\"elementor-button-content-wrapper\">\n\t\t\t\t\t\t\t\t\t<span class=\"elementor-button-text\">Offerte anfragen<\/span>\n\t\t\t\t\t<\/span>\n\t\t\t\t\t<\/a>\n\t\t\t\t<\/div>\n\t\t\t\t\t\t\t\t<\/div>\n\t\t\t\t<\/div>\n\t\t\t\t<div class=\"elementor-element elementor-element-b453cdb elementor-widget elementor-widget-button\" data-id=\"b453cdb\" data-element_type=\"widget\" data-e-type=\"widget\" data-widget_type=\"button.default\">\n\t\t\t\t<div class=\"elementor-widget-container\">\n\t\t\t\t\t\t\t\t\t<div class=\"elementor-button-wrapper\">\n\t\t\t\t\t<a class=\"elementor-button elementor-button-link elementor-size-sm\" href=\"https:\/\/www.iena.ch\/wp-content\/uploads\/2026\/01\/A4_SalleJPK.pdf\" target=\"_blank\">\n\t\t\t\t\t\t<span class=\"elementor-button-content-wrapper\">\n\t\t\t\t\t\t\t\t\t<span class=\"elementor-button-text\">technisches Datenblatt<\/span>\n\t\t\t\t\t<\/span>\n\t\t\t\t\t<\/a>\n\t\t\t\t<\/div>\n\t\t\t\t\t\t\t\t<\/div>\n\t\t\t\t<\/div>\n\t\t\t\t\t<\/div>\n\t\t\t\t<\/div>\n\t\t\t\t<\/div>\n\t\t\t\t\t<\/div>\n\t\t\t\t<\/div>\n\t\t<div class=\"elementor-element elementor-element-c9e374b e-flex e-con-boxed e-con e-parent\" data-id=\"c9e374b\" data-element_type=\"container\" data-e-type=\"container\">\n\t\t\t\t\t<div class=\"e-con-inner\">\n\t\t<div class=\"elementor-element elementor-element-178f706 e-con-full e-flex e-con e-child\" data-id=\"178f706\" data-element_type=\"container\" data-e-type=\"container\">\n\t\t<div class=\"elementor-element elementor-element-bc0f157 e-con-full e-flex e-con e-child\" data-id=\"bc0f157\" data-element_type=\"container\" data-e-type=\"container\">\n\t\t\t\t<div class=\"elementor-element elementor-element-f8a1248 elementor-widget elementor-widget-image\" data-id=\"f8a1248\" data-element_type=\"widget\" data-e-type=\"widget\" data-widget_type=\"image.default\">\n\t\t\t\t<div class=\"elementor-widget-container\">\n\t\t\t\t\t\t\t\t\t\t\t\t\t\t\t<img loading=\"lazy\" decoding=\"async\" width=\"391\" height=\"446\" src=\"https:\/\/www.iena.ch\/wp-content\/uploads\/2023\/10\/salle-vully.jpg\" class=\"attachment-full size-full wp-image-48777\" alt=\"\" srcset=\"https:\/\/www.iena.ch\/wp-content\/uploads\/2023\/10\/salle-vully.jpg 391w, https:\/\/www.iena.ch\/wp-content\/uploads\/2023\/10\/salle-vully-263x300.jpg 263w, https:\/\/www.iena.ch\/wp-content\/uploads\/2023\/10\/salle-vully-11x12.jpg 11w\" sizes=\"(max-width: 391px) 100vw, 391px\" \/>\t\t\t\t\t\t\t\t\t\t\t\t\t\t\t<\/div>\n\t\t\t\t<\/div>\n\t\t\t\t<\/div>\n\t\t<div class=\"elementor-element elementor-element-ed718fd e-flex e-con-boxed e-con e-child\" data-id=\"ed718fd\" data-element_type=\"container\" data-e-type=\"container\" data-settings=\"{&quot;background_background&quot;:&quot;classic&quot;}\">\n\t\t\t\t\t<div class=\"e-con-inner\">\n\t\t\t\t<div class=\"elementor-element elementor-element-9dd51f2 elementor-widget__width-initial elementor-widget elementor-widget-heading\" data-id=\"9dd51f2\" data-element_type=\"widget\" data-e-type=\"widget\" data-widget_type=\"heading.default\">\n\t\t\t\t<div class=\"elementor-widget-container\">\n\t\t\t\t\t<h3 class=\"elementor-heading-title elementor-size-default\">SAAL VULLY<\/h3>\t\t\t\t<\/div>\n\t\t\t\t<\/div>\n\t\t\t\t<div class=\"elementor-element elementor-element-c0295eb elementor-widget elementor-widget-heading\" data-id=\"c0295eb\" data-element_type=\"widget\" data-e-type=\"widget\" data-widget_type=\"heading.default\">\n\t\t\t\t<div class=\"elementor-widget-container\">\n\t\t\t\t\t<h3 class=\"elementor-heading-title elementor-size-default\">Ihr Seminar in einem originellen Rahmen\n<\/h3>\t\t\t\t<\/div>\n\t\t\t\t<\/div>\n\t\t\t\t<div class=\"elementor-element elementor-element-8f342a9 elementor-widget elementor-widget-text-editor\" data-id=\"8f342a9\" data-element_type=\"widget\" data-e-type=\"widget\" data-widget_type=\"text-editor.default\">\n\t\t\t\t<div class=\"elementor-widget-container\">\n\t\t\t\t\t\t\t\t\t<p class=\"p1\">Ein grosser, gut ausgestatteter und modulierbarer Raum mit Blick auf die gro\u00dfe Reithalle. Der ideale Ort f\u00fcr Ihre Firmenseminare oder Schulungen.<\/p><p class=\"p1\">Der Raum bietet Platz f\u00fcr bis zu 50 Personen.<\/p>\t\t\t\t\t\t\t\t<\/div>\n\t\t\t\t<\/div>\n\t\t\t\t<div class=\"elementor-element elementor-element-747d8a3 elementor-widget elementor-widget-heading\" data-id=\"747d8a3\" data-element_type=\"widget\" data-e-type=\"widget\" data-widget_type=\"heading.default\">\n\t\t\t\t<div class=\"elementor-widget-container\">\n\t\t\t\t\t<h3 class=\"elementor-heading-title elementor-size-default\">TARIFE<\/h3>\t\t\t\t<\/div>\n\t\t\t\t<\/div>\n\t\t\t\t<div class=\"elementor-element elementor-element-b19312e elementor-widget elementor-widget-text-editor\" data-id=\"b19312e\" data-element_type=\"widget\" data-e-type=\"widget\" data-widget_type=\"text-editor.default\">\n\t\t\t\t<div class=\"elementor-widget-container\">\n\t\t\t\t\t\t\t\t\t<p class=\"p1\">Tag: 300.-<br \/>1\/2 Tag: 200.-<\/p>\t\t\t\t\t\t\t\t<\/div>\n\t\t\t\t<\/div>\n\t\t\t\t<div class=\"elementor-element elementor-element-66ca789 elementor-widget elementor-widget-button\" data-id=\"66ca789\" data-element_type=\"widget\" data-e-type=\"widget\" data-widget_type=\"button.default\">\n\t\t\t\t<div class=\"elementor-widget-container\">\n\t\t\t\t\t\t\t\t\t<div class=\"elementor-button-wrapper\">\n\t\t\t\t\t<a class=\"elementor-button elementor-button-link elementor-size-sm\" href=\"#elementor-action%3Aaction%3Dpopup%3Aopen%26settings%3DeyJpZCI6IjQ3OTExIiwidG9nZ2xlIjpmYWxzZX0%3D\">\n\t\t\t\t\t\t<span class=\"elementor-button-content-wrapper\">\n\t\t\t\t\t\t\t\t\t<span class=\"elementor-button-text\">Offerte anfragen<\/span>\n\t\t\t\t\t<\/span>\n\t\t\t\t\t<\/a>\n\t\t\t\t<\/div>\n\t\t\t\t\t\t\t\t<\/div>\n\t\t\t\t<\/div>\n\t\t\t\t<div class=\"elementor-element elementor-element-47291f2 elementor-widget__width-initial elementor-widget elementor-widget-button\" data-id=\"47291f2\" data-element_type=\"widget\" data-e-type=\"widget\" data-widget_type=\"button.default\">\n\t\t\t\t<div class=\"elementor-widget-container\">\n\t\t\t\t\t\t\t\t\t<div class=\"elementor-button-wrapper\">\n\t\t\t\t\t<a class=\"elementor-button elementor-button-link elementor-size-sm\" href=\"https:\/\/www.iena.ch\/wp-content\/uploads\/2025\/11\/A4_SalleVully.pdf\" target=\"_blank\">\n\t\t\t\t\t\t<span class=\"elementor-button-content-wrapper\">\n\t\t\t\t\t\t\t\t\t<span class=\"elementor-button-text\">technisches Datenblatt<\/span>\n\t\t\t\t\t<\/span>\n\t\t\t\t\t<\/a>\n\t\t\t\t<\/div>\n\t\t\t\t\t\t\t\t<\/div>\n\t\t\t\t<\/div>\n\t\t\t\t\t<\/div>\n\t\t\t\t<\/div>\n\t\t\t\t<\/div>\n\t\t<div class=\"elementor-element elementor-element-103f697 e-con-full e-flex e-con e-child\" data-id=\"103f697\" data-element_type=\"container\" data-e-type=\"container\">\n\t\t<div class=\"elementor-element elementor-element-378cc4b e-con-full e-flex e-con e-child\" data-id=\"378cc4b\" data-element_type=\"container\" data-e-type=\"container\" data-settings=\"{&quot;background_background&quot;:&quot;classic&quot;}\">\n\t\t\t\t<\/div>\n\t\t<div class=\"elementor-element elementor-element-e1c7173 e-flex e-con-boxed e-con e-child\" data-id=\"e1c7173\" data-element_type=\"container\" data-e-type=\"container\" data-settings=\"{&quot;background_background&quot;:&quot;classic&quot;}\">\n\t\t\t\t\t<div class=\"e-con-inner\">\n\t\t\t\t<div class=\"elementor-element elementor-element-124a876 elementor-widget elementor-widget-heading\" data-id=\"124a876\" data-element_type=\"widget\" data-e-type=\"widget\" data-widget_type=\"heading.default\">\n\t\t\t\t<div class=\"elementor-widget-container\">\n\t\t\t\t\t<h3 class=\"elementor-heading-title elementor-size-default\">SAAL CASINO UND SAAL BELMONT<\/h3>\t\t\t\t<\/div>\n\t\t\t\t<\/div>\n\t\t\t\t<div class=\"elementor-element elementor-element-d9678e8 elementor-widget elementor-widget-heading\" data-id=\"d9678e8\" data-element_type=\"widget\" data-e-type=\"widget\" data-widget_type=\"heading.default\">\n\t\t\t\t<div class=\"elementor-widget-container\">\n\t\t\t\t\t<h3 class=\"elementor-heading-title elementor-size-default\">Ein gem\u00fctlicher Rahmen\nf\u00fcr Ihre Treffen\n<\/h3>\t\t\t\t<\/div>\n\t\t\t\t<\/div>\n\t\t\t\t<div class=\"elementor-element elementor-element-f7d1720 elementor-widget elementor-widget-text-editor\" data-id=\"f7d1720\" data-element_type=\"widget\" data-e-type=\"widget\" data-widget_type=\"text-editor.default\">\n\t\t\t\t<div class=\"elementor-widget-container\">\n\t\t\t\t\t\t\t\t\t<p class=\"p1\">Genie\u00dfen Sie einen ruhigen und komfortablen Raum, der sich ideal f\u00fcr die Organisation von Schulungstagen oder Gruppenarbeiten eignet.<\/p><p class=\"p1\">Der Raum bietet Platz f\u00fcr bis zu 16 Personen.<\/p>\t\t\t\t\t\t\t\t<\/div>\n\t\t\t\t<\/div>\n\t\t\t\t<div class=\"elementor-element elementor-element-eb0de6c elementor-widget elementor-widget-heading\" data-id=\"eb0de6c\" data-element_type=\"widget\" data-e-type=\"widget\" data-widget_type=\"heading.default\">\n\t\t\t\t<div class=\"elementor-widget-container\">\n\t\t\t\t\t<h3 class=\"elementor-heading-title elementor-size-default\">TARIFE<\/h3>\t\t\t\t<\/div>\n\t\t\t\t<\/div>\n\t\t\t\t<div class=\"elementor-element elementor-element-f415135 elementor-widget elementor-widget-text-editor\" data-id=\"f415135\" data-element_type=\"widget\" data-e-type=\"widget\" data-widget_type=\"text-editor.default\">\n\t\t\t\t<div class=\"elementor-widget-container\">\n\t\t\t\t\t\t\t\t\t<p class=\"p1\">Tag: 120.-<br \/>1\/2 Tag: 80.-<\/p>\t\t\t\t\t\t\t\t<\/div>\n\t\t\t\t<\/div>\n\t\t\t\t<div class=\"elementor-element elementor-element-6cb121c elementor-widget elementor-widget-button\" data-id=\"6cb121c\" data-element_type=\"widget\" data-e-type=\"widget\" data-widget_type=\"button.default\">\n\t\t\t\t<div class=\"elementor-widget-container\">\n\t\t\t\t\t\t\t\t\t<div class=\"elementor-button-wrapper\">\n\t\t\t\t\t<a class=\"elementor-button elementor-button-link elementor-size-sm\" href=\"#elementor-action%3Aaction%3Dpopup%3Aopen%26settings%3DeyJpZCI6IjQ3OTExIiwidG9nZ2xlIjpmYWxzZX0%3D\">\n\t\t\t\t\t\t<span class=\"elementor-button-content-wrapper\">\n\t\t\t\t\t\t\t\t\t<span class=\"elementor-button-text\">Offerte anfragen<\/span>\n\t\t\t\t\t<\/span>\n\t\t\t\t\t<\/a>\n\t\t\t\t<\/div>\n\t\t\t\t\t\t\t\t<\/div>\n\t\t\t\t<\/div>\n\t\t\t\t<div class=\"elementor-element elementor-element-1f77dd4 elementor-widget elementor-widget-button\" data-id=\"1f77dd4\" data-element_type=\"widget\" data-e-type=\"widget\" data-widget_type=\"button.default\">\n\t\t\t\t<div class=\"elementor-widget-container\">\n\t\t\t\t\t\t\t\t\t<div class=\"elementor-button-wrapper\">\n\t\t\t\t\t<a class=\"elementor-button elementor-button-link elementor-size-sm\" href=\"https:\/\/www.iena.ch\/wp-content\/uploads\/2025\/11\/A4_SalleCasinoBelmont.pdf\" target=\"_blank\">\n\t\t\t\t\t\t<span class=\"elementor-button-content-wrapper\">\n\t\t\t\t\t\t\t\t\t<span class=\"elementor-button-text\">technisches Datenblatt<\/span>\n\t\t\t\t\t<\/span>\n\t\t\t\t\t<\/a>\n\t\t\t\t<\/div>\n\t\t\t\t\t\t\t\t<\/div>\n\t\t\t\t<\/div>\n\t\t\t\t\t<\/div>\n\t\t\t\t<\/div>\n\t\t\t\t<\/div>\n\t\t\t\t\t<\/div>\n\t\t\t\t<\/div>\n\t\t<div class=\"elementor-element elementor-element-5ada7ab e-flex e-con-boxed e-con e-parent\" data-id=\"5ada7ab\" data-element_type=\"container\" data-e-type=\"container\">\n\t\t\t\t\t<div class=\"e-con-inner\">\n\t\t<div class=\"elementor-element elementor-element-846ccd0 e-con-full e-flex e-con e-child\" data-id=\"846ccd0\" data-element_type=\"container\" data-e-type=\"container\">\n\t\t<div class=\"elementor-element elementor-element-c763384 e-flex e-con-boxed e-con e-child\" data-id=\"c763384\" data-element_type=\"container\" data-e-type=\"container\" data-settings=\"{&quot;background_background&quot;:&quot;classic&quot;}\">\n\t\t\t\t\t<div class=\"e-con-inner\">\n\t\t\t\t\t<\/div>\n\t\t\t\t<\/div>\n\t\t<div class=\"elementor-element elementor-element-c585b9c e-flex e-con-boxed e-con e-child\" data-id=\"c585b9c\" data-element_type=\"container\" data-e-type=\"container\" data-settings=\"{&quot;background_background&quot;:&quot;classic&quot;}\">\n\t\t\t\t\t<div class=\"e-con-inner\">\n\t\t\t\t<div class=\"elementor-element elementor-element-6472153 elementor-widget elementor-widget-heading\" data-id=\"6472153\" data-element_type=\"widget\" data-e-type=\"widget\" data-widget_type=\"heading.default\">\n\t\t\t\t<div class=\"elementor-widget-container\">\n\t\t\t\t\t<h3 class=\"elementor-heading-title elementor-size-default\">GROSSE REITHALLE\n<\/h3>\t\t\t\t<\/div>\n\t\t\t\t<\/div>\n\t\t\t\t<div class=\"elementor-element elementor-element-8466674 elementor-widget elementor-widget-text-editor\" data-id=\"8466674\" data-element_type=\"widget\" data-e-type=\"widget\" data-widget_type=\"text-editor.default\">\n\t\t\t\t<div class=\"elementor-widget-container\">\n\t\t\t\t\t\t\t\t\t<p>\u00dcber 2600 m2 vollst\u00e4ndig umbaubare und modulierbare Fl\u00e4che (Einlegen eines Bodens) f\u00fcr die Organisation von Banketten, Jubil\u00e4en, Hochzeiten, Auff\u00fchrungen oder anderen Veranstaltungen.<\/p><p>\u00a0<\/p><p class=\"p1\">Die gro\u00dfe Reithalle bietet Platz f\u00fcr bis zu 2500 Personen.<\/p>\t\t\t\t\t\t\t\t<\/div>\n\t\t\t\t<\/div>\n\t\t\t\t<div class=\"elementor-element elementor-element-7f4a99e elementor-widget elementor-widget-heading\" data-id=\"7f4a99e\" data-element_type=\"widget\" data-e-type=\"widget\" data-widget_type=\"heading.default\">\n\t\t\t\t<div class=\"elementor-widget-container\">\n\t\t\t\t\t<h3 class=\"elementor-heading-title elementor-size-default\">TARIFE<\/h3>\t\t\t\t<\/div>\n\t\t\t\t<\/div>\n\t\t\t\t<div class=\"elementor-element elementor-element-52707f2 elementor-widget elementor-widget-text-editor\" data-id=\"52707f2\" data-element_type=\"widget\" data-e-type=\"widget\" data-widget_type=\"text-editor.default\">\n\t\t\t\t<div class=\"elementor-widget-container\">\n\t\t\t\t\t\t\t\t\t<p class=\"p1\">Auf Anfrage<\/p>\t\t\t\t\t\t\t\t<\/div>\n\t\t\t\t<\/div>\n\t\t\t\t<div class=\"elementor-element elementor-element-c1c7a4b elementor-widget elementor-widget-button\" data-id=\"c1c7a4b\" data-element_type=\"widget\" data-e-type=\"widget\" data-widget_type=\"button.default\">\n\t\t\t\t<div class=\"elementor-widget-container\">\n\t\t\t\t\t\t\t\t\t<div class=\"elementor-button-wrapper\">\n\t\t\t\t\t<a class=\"elementor-button elementor-button-link elementor-size-sm\" href=\"#elementor-action%3Aaction%3Dpopup%3Aopen%26settings%3DeyJpZCI6IjQ3OTExIiwidG9nZ2xlIjpmYWxzZX0%3D\">\n\t\t\t\t\t\t<span class=\"elementor-button-content-wrapper\">\n\t\t\t\t\t\t\t\t\t<span class=\"elementor-button-text\">Offerte anfragen<\/span>\n\t\t\t\t\t<\/span>\n\t\t\t\t\t<\/a>\n\t\t\t\t<\/div>\n\t\t\t\t\t\t\t\t<\/div>\n\t\t\t\t<\/div>\n\t\t\t\t<div class=\"elementor-element elementor-element-acb1a48 elementor-widget elementor-widget-button\" data-id=\"acb1a48\" data-element_type=\"widget\" data-e-type=\"widget\" data-widget_type=\"button.default\">\n\t\t\t\t<div class=\"elementor-widget-container\">\n\t\t\t\t\t\t\t\t\t<div class=\"elementor-button-wrapper\">\n\t\t\t\t\t<a class=\"elementor-button elementor-button-link elementor-size-sm\" href=\"https:\/\/www.iena.ch\/wp-content\/uploads\/2025\/11\/A4_GrandManege.pdf\" target=\"_blank\">\n\t\t\t\t\t\t<span class=\"elementor-button-content-wrapper\">\n\t\t\t\t\t\t\t\t\t<span class=\"elementor-button-text\">technisches Datenblatt<\/span>\n\t\t\t\t\t<\/span>\n\t\t\t\t\t<\/a>\n\t\t\t\t<\/div>\n\t\t\t\t\t\t\t\t<\/div>\n\t\t\t\t<\/div>\n\t\t\t\t\t<\/div>\n\t\t\t\t<\/div>\n\t\t\t\t<\/div>\n\t\t\t\t\t<\/div>\n\t\t\t\t<\/div>\n\t\t\t\t<\/div>","protected":false},"excerpt":{"rendered":"<p>Votre \u00e9v\u00e8nement dans un cadre idyllique Vous organisez un s\u00e9minaire, une r\u00e9union, une conf\u00e9rence ou un \u00e9v\u00e8nement client? L\u2019IENA dispose de diff\u00e9rents espaces permettant d\u2019accueillir votre projet qu\u2019il soit professionnel ou priv\u00e9. Contactez notre \u00e9quipe d\u00e9di\u00e9e aux r\u00e9unions et aux \u00e9v\u00e8nements qui se fera un plaisir de r\u00e9pondre \u00e0 vos questions et de vous aider [&hellip;]<\/p>\n","protected":false},"author":1,"featured_media":0,"parent":0,"menu_order":0,"comment_status":"closed","ping_status":"closed","template":"","meta":{"_acf_changed":false,"footnotes":""},"class_list":["post-46712","page","type-page","status-publish","hentry"],"acf":[],"yoast_head":"<!-- This site is optimized with the Yoast SEO plugin v27.5 - https:\/\/yoast.com\/product\/yoast-seo-wordpress\/ -->\n<title>Location de salle - IENA<\/title>\n<meta name=\"description\" content=\"Location de salle : l\u2019IENA dispose de diff\u00e9rents espaces permettant d\u2019accueillir votre \u00e9v\u00e8nement qu\u2019il soit professionnel ou priv\u00e9.\" \/>\n<meta name=\"robots\" content=\"index, follow, max-snippet:-1, max-image-preview:large, max-video-preview:-1\" \/>\n<link rel=\"canonical\" href=\"https:\/\/www.iena.ch\/de\/location-de-salle\/\" \/>\n<meta property=\"og:locale\" content=\"de_DE\" \/>\n<meta property=\"og:type\" content=\"article\" \/>\n<meta property=\"og:title\" content=\"Location de salle - IENA\" \/>\n<meta property=\"og:description\" content=\"Location de salle : l\u2019IENA dispose de diff\u00e9rents espaces permettant d\u2019accueillir votre \u00e9v\u00e8nement qu\u2019il soit professionnel ou priv\u00e9.\" \/>\n<meta property=\"og:url\" content=\"https:\/\/www.iena.ch\/de\/location-de-salle\/\" \/>\n<meta property=\"og:site_name\" content=\"IENA\" \/>\n<meta property=\"article:publisher\" content=\"https:\/\/www.facebook.com\/iena.avenches\/?locale=fr_FR\" \/>\n<meta property=\"article:modified_time\" content=\"2026-03-03T13:34:27+00:00\" \/>\n<meta property=\"og:image\" content=\"https:\/\/www.iena.ch\/wp-content\/uploads\/2023\/08\/event_1.jpg\" \/>\n\t<meta property=\"og:image:width\" content=\"225\" \/>\n\t<meta property=\"og:image:height\" content=\"225\" \/>\n\t<meta property=\"og:image:type\" content=\"image\/jpeg\" \/>\n<meta name=\"twitter:card\" content=\"summary_large_image\" \/>\n<meta name=\"twitter:site\" content=\"@iena_avenches\" \/>\n<meta name=\"twitter:label1\" content=\"Gesch\u00e4tzte Lesezeit\" \/>\n\t<meta name=\"twitter:data1\" content=\"3\u00a0Minuten\" \/>\n<script type=\"application\/ld+json\" class=\"yoast-schema-graph\">{\"@context\":\"https:\\\/\\\/schema.org\",\"@graph\":[{\"@type\":\"WebPage\",\"@id\":\"https:\\\/\\\/www.iena.ch\\\/location-de-salle\\\/\",\"url\":\"https:\\\/\\\/www.iena.ch\\\/location-de-salle\\\/\",\"name\":\"Location de salle - IENA\",\"isPartOf\":{\"@id\":\"https:\\\/\\\/www.iena.ch\\\/#website\"},\"primaryImageOfPage\":{\"@id\":\"https:\\\/\\\/www.iena.ch\\\/location-de-salle\\\/#primaryimage\"},\"image\":{\"@id\":\"https:\\\/\\\/www.iena.ch\\\/location-de-salle\\\/#primaryimage\"},\"thumbnailUrl\":\"https:\\\/\\\/www.iena.ch\\\/wp-content\\\/uploads\\\/2023\\\/08\\\/event_1.jpg\",\"datePublished\":\"2023-08-31T13:20:26+00:00\",\"dateModified\":\"2026-03-03T13:34:27+00:00\",\"description\":\"Location de salle : l\u2019IENA dispose de diff\u00e9rents espaces permettant d\u2019accueillir votre \u00e9v\u00e8nement qu\u2019il soit professionnel ou priv\u00e9.\",\"breadcrumb\":{\"@id\":\"https:\\\/\\\/www.iena.ch\\\/location-de-salle\\\/#breadcrumb\"},\"inLanguage\":\"de\",\"potentialAction\":[{\"@type\":\"ReadAction\",\"target\":[\"https:\\\/\\\/www.iena.ch\\\/location-de-salle\\\/\"]}]},{\"@type\":\"ImageObject\",\"inLanguage\":\"de\",\"@id\":\"https:\\\/\\\/www.iena.ch\\\/location-de-salle\\\/#primaryimage\",\"url\":\"https:\\\/\\\/www.iena.ch\\\/wp-content\\\/uploads\\\/2023\\\/08\\\/event_1.jpg\",\"contentUrl\":\"https:\\\/\\\/www.iena.ch\\\/wp-content\\\/uploads\\\/2023\\\/08\\\/event_1.jpg\"},{\"@type\":\"BreadcrumbList\",\"@id\":\"https:\\\/\\\/www.iena.ch\\\/location-de-salle\\\/#breadcrumb\",\"itemListElement\":[{\"@type\":\"ListItem\",\"position\":1,\"name\":\"Accueil\",\"item\":\"https:\\\/\\\/www.iena.ch\\\/\"},{\"@type\":\"ListItem\",\"position\":2,\"name\":\"Location de salle\"}]},{\"@type\":\"WebSite\",\"@id\":\"https:\\\/\\\/www.iena.ch\\\/#website\",\"url\":\"https:\\\/\\\/www.iena.ch\\\/\",\"name\":\"IENA\",\"description\":\"Institut \u00c9questre National d&#039;Avenches\",\"publisher\":{\"@id\":\"https:\\\/\\\/www.iena.ch\\\/#organization\"},\"potentialAction\":[{\"@type\":\"SearchAction\",\"target\":{\"@type\":\"EntryPoint\",\"urlTemplate\":\"https:\\\/\\\/www.iena.ch\\\/?s={search_term_string}\"},\"query-input\":{\"@type\":\"PropertyValueSpecification\",\"valueRequired\":true,\"valueName\":\"search_term_string\"}}],\"inLanguage\":\"de\"},{\"@type\":\"Organization\",\"@id\":\"https:\\\/\\\/www.iena.ch\\\/#organization\",\"name\":\"IENA\",\"url\":\"https:\\\/\\\/www.iena.ch\\\/\",\"logo\":{\"@type\":\"ImageObject\",\"inLanguage\":\"de\",\"@id\":\"https:\\\/\\\/www.iena.ch\\\/#\\\/schema\\\/logo\\\/image\\\/\",\"url\":\"https:\\\/\\\/www.iena.ch\\\/wp-content\\\/uploads\\\/2023\\\/08\\\/logo-green.png\",\"contentUrl\":\"https:\\\/\\\/www.iena.ch\\\/wp-content\\\/uploads\\\/2023\\\/08\\\/logo-green.png\",\"width\":140,\"height\":78,\"caption\":\"IENA\"},\"image\":{\"@id\":\"https:\\\/\\\/www.iena.ch\\\/#\\\/schema\\\/logo\\\/image\\\/\"},\"sameAs\":[\"https:\\\/\\\/www.facebook.com\\\/iena.avenches\\\/?locale=fr_FR\",\"https:\\\/\\\/x.com\\\/iena_avenches\",\"https:\\\/\\\/www.instagram.com\\\/iena.avenches\\\/\"]}]}<\/script>\n<!-- \/ Yoast SEO plugin. -->","yoast_head_json":{"title":"Raumvermietung - IENA","description":"Raumvermietung: IENA verf\u00fcgt \u00fcber verschiedene R\u00e4umlichkeiten, die es erm\u00f6glichen, Ihre Veranstaltung auszurichten, sei sie gesch\u00e4ftlich oder privat.","robots":{"index":"index","follow":"follow","max-snippet":"max-snippet:-1","max-image-preview":"max-image-preview:large","max-video-preview":"max-video-preview:-1"},"canonical":"https:\/\/www.iena.ch\/de\/location-de-salle\/","og_locale":"de_DE","og_type":"article","og_title":"Location de salle - IENA","og_description":"Location de salle : l\u2019IENA dispose de diff\u00e9rents espaces permettant d\u2019accueillir votre \u00e9v\u00e8nement qu\u2019il soit professionnel ou priv\u00e9.","og_url":"https:\/\/www.iena.ch\/de\/location-de-salle\/","og_site_name":"IENA","article_publisher":"https:\/\/www.facebook.com\/iena.avenches\/?locale=fr_FR","article_modified_time":"2026-03-03T13:34:27+00:00","og_image":[{"width":225,"height":225,"url":"https:\/\/www.iena.ch\/wp-content\/uploads\/2023\/08\/event_1.jpg","type":"image\/jpeg"}],"twitter_card":"summary_large_image","twitter_site":"@iena_avenches","twitter_misc":{"Gesch\u00e4tzte Lesezeit":"3\u00a0Minuten"},"schema":{"@context":"https:\/\/schema.org","@graph":[{"@type":"WebPage","@id":"https:\/\/www.iena.ch\/location-de-salle\/","url":"https:\/\/www.iena.ch\/location-de-salle\/","name":"Raumvermietung - IENA","isPartOf":{"@id":"https:\/\/www.iena.ch\/#website"},"primaryImageOfPage":{"@id":"https:\/\/www.iena.ch\/location-de-salle\/#primaryimage"},"image":{"@id":"https:\/\/www.iena.ch\/location-de-salle\/#primaryimage"},"thumbnailUrl":"https:\/\/www.iena.ch\/wp-content\/uploads\/2023\/08\/event_1.jpg","datePublished":"2023-08-31T13:20:26+00:00","dateModified":"2026-03-03T13:34:27+00:00","description":"Raumvermietung: IENA verf\u00fcgt \u00fcber verschiedene R\u00e4umlichkeiten, die es erm\u00f6glichen, Ihre Veranstaltung auszurichten, sei sie gesch\u00e4ftlich oder privat.","breadcrumb":{"@id":"https:\/\/www.iena.ch\/location-de-salle\/#breadcrumb"},"inLanguage":"de","potentialAction":[{"@type":"ReadAction","target":["https:\/\/www.iena.ch\/location-de-salle\/"]}]},{"@type":"ImageObject","inLanguage":"de","@id":"https:\/\/www.iena.ch\/location-de-salle\/#primaryimage","url":"https:\/\/www.iena.ch\/wp-content\/uploads\/2023\/08\/event_1.jpg","contentUrl":"https:\/\/www.iena.ch\/wp-content\/uploads\/2023\/08\/event_1.jpg"},{"@type":"BreadcrumbList","@id":"https:\/\/www.iena.ch\/location-de-salle\/#breadcrumb","itemListElement":[{"@type":"ListItem","position":1,"name":"Accueil","item":"https:\/\/www.iena.ch\/"},{"@type":"ListItem","position":2,"name":"Location de salle"}]},{"@type":"WebSite","@id":"https:\/\/www.iena.ch\/#website","url":"https:\/\/www.iena.ch\/","name":"IENA","description":"Institut \u00c9questre National d&#039;Avenches","publisher":{"@id":"https:\/\/www.iena.ch\/#organization"},"potentialAction":[{"@type":"SearchAction","target":{"@type":"EntryPoint","urlTemplate":"https:\/\/www.iena.ch\/?s={search_term_string}"},"query-input":{"@type":"PropertyValueSpecification","valueRequired":true,"valueName":"search_term_string"}}],"inLanguage":"de"},{"@type":"Organization","@id":"https:\/\/www.iena.ch\/#organization","name":"IENA","url":"https:\/\/www.iena.ch\/","logo":{"@type":"ImageObject","inLanguage":"de","@id":"https:\/\/www.iena.ch\/#\/schema\/logo\/image\/","url":"https:\/\/www.iena.ch\/wp-content\/uploads\/2023\/08\/logo-green.png","contentUrl":"https:\/\/www.iena.ch\/wp-content\/uploads\/2023\/08\/logo-green.png","width":140,"height":78,"caption":"IENA"},"image":{"@id":"https:\/\/www.iena.ch\/#\/schema\/logo\/image\/"},"sameAs":["https:\/\/www.facebook.com\/iena.avenches\/?locale=fr_FR","https:\/\/x.com\/iena_avenches","https:\/\/www.instagram.com\/iena.avenches\/"]}]}},"_links":{"self":[{"href":"https:\/\/www.iena.ch\/de\/wp-json\/wp\/v2\/pages\/46712","targetHints":{"allow":["GET"]}}],"collection":[{"href":"https:\/\/www.iena.ch\/de\/wp-json\/wp\/v2\/pages"}],"about":[{"href":"https:\/\/www.iena.ch\/de\/wp-json\/wp\/v2\/types\/page"}],"author":[{"embeddable":true,"href":"https:\/\/www.iena.ch\/de\/wp-json\/wp\/v2\/users\/1"}],"replies":[{"embeddable":true,"href":"https:\/\/www.iena.ch\/de\/wp-json\/wp\/v2\/comments?post=46712"}],"version-history":[{"count":147,"href":"https:\/\/www.iena.ch\/de\/wp-json\/wp\/v2\/pages\/46712\/revisions"}],"predecessor-version":[{"id":52672,"href":"https:\/\/www.iena.ch\/de\/wp-json\/wp\/v2\/pages\/46712\/revisions\/52672"}],"wp:attachment":[{"href":"https:\/\/www.iena.ch\/de\/wp-json\/wp\/v2\/media?parent=46712"}],"curies":[{"name":"wp","href":"https:\/\/api.w.org\/{rel}","templated":true}]}}